{"id":38,"date":"2016-11-24T18:08:55","date_gmt":"2016-11-24T21:08:55","guid":{"rendered":"http:\/\/plethorathemes.com\/hotel-xenia\/?page_id=38"},"modified":"2020-07-23T20:32:33","modified_gmt":"2020-07-23T23:32:33","slug":"apartamentos","status":"publish","type":"page","link":"https:\/\/www.crettahotel.com.br\/site\/?page_id=38","title":{"rendered":"Su\u00edtes"},"content":{"rendered":"<div class=\"wpb-content-wrapper\"><p>[vc_row][vc_column]<div class=\"ple_anypostloop_shortcode wpb_content_element  \"><div id=\"list_58469f451ced4\" class=\"rooms_list_classic_horizontal_wrapper \"> \t\n        <div class=\"rooms_list_item     white_section\" >\n        <div class=\"flex\">\n                <div class=\"col-sm-6 col-sm-push-6 rooms_list_item_photo\" style=\"background-image: url('https:\/\/www.crettahotel.com.br\/site\/wp-content\/uploads\/2018\/06\/24-1024x576.jpg')\"><\/div>\n                <div class=\"col-sm-6 col-sm-pull-6\">\n                <div class=\"rooms_list_item_content\">\n                        <h3 class=\"textify_links\"><a href=\"https:\/\/www.crettahotel.com.br\/site\/?room=superior-duplo\" title=\"Su\u00edte 2 camas solteiro\" target=\"_parent\" class=\"\">Su\u00edte 2 camas solteiro<\/a><\/h3>\n                        <p class=\"subtitle\">Caf\u00e9 da Manh\u00e3 e Estacionamento Incluso<\/p>\n                        <div class=\"room_listed_amenities\">\n                               \n                                <i data-toggle=\"tooltip\" data-placement=\"top\" class=\"amenities fa fa-bath\" data-original-title=\"\"><\/i>                             \n                               \n                                <i data-toggle=\"tooltip\" data-placement=\"top\" class=\"amenities hi hi-bar\" data-original-title=\"\"><\/i>                             \n                               \n                                <i data-toggle=\"tooltip\" data-placement=\"top\" class=\"amenities fa fa-phone\" data-original-title=\"\"><\/i>                             \n                        <\/div>                       \n                        <p class=\"excerpt\">As Su\u00edtes 2 camas solteiro s\u00e3o arejadas, confort\u00e1veis e uma possuem decora\u00e7\u00e3o moderna.<\/p>                        \n                        <a href=\"https:\/\/www.crettahotel.com.br\/site\/?room=superior-duplo\" title=\"Su\u00edte 2 camas solteiro\" target=\"_parent\" class=\"btn btn-link \">Ver Mais<\/a>\n                <\/div>\n                <\/div>\n        <\/div>        \n        <\/div>\n        <div class=\"rooms_list_item     white_section\" >\n        <div class=\"flex\">\n                <div class=\"col-sm-6 col-sm-push-6 rooms_list_item_photo\" style=\"background-image: url('https:\/\/www.crettahotel.com.br\/site\/wp-content\/uploads\/2018\/06\/22-1-1024x608.jpg')\"><\/div>\n                <div class=\"col-sm-6 col-sm-pull-6\">\n                <div class=\"rooms_list_item_content\">\n                        <h3 class=\"textify_links\"><a href=\"https:\/\/www.crettahotel.com.br\/site\/?room=superior-casal-2\" title=\"Su\u00edte Casal\" target=\"_parent\" class=\"\">Su\u00edte Casal<\/a><\/h3>\n                        <p class=\"subtitle\">Caf\u00e9 da Manh\u00e3 e Estacionamento Incluso<\/p>\n                        <div class=\"room_listed_amenities\">\n                               \n                                <i data-toggle=\"tooltip\" data-placement=\"top\" class=\"amenities fa fa-bath\" data-original-title=\"\"><\/i>                             \n                               \n                                <i data-toggle=\"tooltip\" data-placement=\"top\" class=\"amenities hi hi-bar\" data-original-title=\"\"><\/i>                             \n                               \n                                <i data-toggle=\"tooltip\" data-placement=\"top\" class=\"amenities fa fa-phone\" data-original-title=\"\"><\/i>                             \n                        <\/div>                       \n                        <p class=\"excerpt\">As Su\u00edtes Casal s\u00e3o arejadas, confort\u00e1veis e possuem uma decora\u00e7\u00e3o moderna .<\/p>                        \n                        <a href=\"https:\/\/www.crettahotel.com.br\/site\/?room=superior-casal-2\" title=\"Su\u00edte Casal\" target=\"_parent\" class=\"btn btn-link \">Ver Mais<\/a>\n                <\/div>\n                <\/div>\n        <\/div>        \n        <\/div>\n        <div class=\"rooms_list_item     white_section\" >\n        <div class=\"flex\">\n                <div class=\"col-sm-6 col-sm-push-6 rooms_list_item_photo\" style=\"background-image: url('https:\/\/www.crettahotel.com.br\/site\/wp-content\/uploads\/2018\/06\/27-1-1024x494.jpg')\"><\/div>\n                <div class=\"col-sm-6 col-sm-pull-6\">\n                <div class=\"rooms_list_item_content\">\n                        <h3 class=\"textify_links\"><a href=\"https:\/\/www.crettahotel.com.br\/site\/?room=superior-triplo\" title=\"Su\u00edte Casal +1 pessoa\" target=\"_parent\" class=\"\">Su\u00edte Casal +1 pessoa<\/a><\/h3>\n                        <p class=\"subtitle\">Caf\u00e9 da Manh\u00e3 e Estacionamento Inclusos<\/p>\n                        <div class=\"room_listed_amenities\">\n                               \n                                <i data-toggle=\"tooltip\" data-placement=\"top\" class=\"amenities fa fa-bath\" data-original-title=\"\"><\/i>                             \n                               \n                                <i data-toggle=\"tooltip\" data-placement=\"top\" class=\"amenities hi hi-bar\" data-original-title=\"\"><\/i>                             \n                               \n                                <i data-toggle=\"tooltip\" data-placement=\"top\" class=\"amenities fa fa-phone\" data-original-title=\"\"><\/i>                             \n                        <\/div>                       \n                        <p class=\"excerpt\">As Su\u00edtes Casal +1 pessoa s\u00e3o arejadas, confort\u00e1veis, possuem decora\u00e7\u00e3o moderna.<\/p>                        \n                        <a href=\"https:\/\/www.crettahotel.com.br\/site\/?room=superior-triplo\" title=\"Su\u00edte Casal +1 pessoa\" target=\"_parent\" class=\"btn btn-link \">Ver Mais<\/a>\n                <\/div>\n                <\/div>\n        <\/div>        \n        <\/div>\n<\/div><\/div>[\/vc_column][\/vc_row]<\/p>\n<\/div>","protected":false},"excerpt":{"rendered":"<p>[vc_row][vc_column][\/vc_column][\/vc_row]<\/p>\n","protected":false},"author":1,"featured_media":1258,"parent":0,"menu_order":0,"comment_status":"closed","ping_status":"closed","template":"","meta":{"footnotes":""},"_links":{"self":[{"href":"https:\/\/www.crettahotel.com.br\/site\/index.php?rest_route=\/wp\/v2\/pages\/38"}],"collection":[{"href":"https:\/\/www.crettahotel.com.br\/site\/index.php?rest_route=\/wp\/v2\/pages"}],"about":[{"href":"https:\/\/www.crettahotel.com.br\/site\/index.php?rest_route=\/wp\/v2\/types\/page"}],"author":[{"embeddable":true,"href":"https:\/\/www.crettahotel.com.br\/site\/index.php?rest_route=\/wp\/v2\/users\/1"}],"replies":[{"embeddable":true,"href":"https:\/\/www.crettahotel.com.br\/site\/index.php?rest_route=%2Fwp%2Fv2%2Fcomments&post=38"}],"version-history":[{"count":5,"href":"https:\/\/www.crettahotel.com.br\/site\/index.php?rest_route=\/wp\/v2\/pages\/38\/revisions"}],"predecessor-version":[{"id":1733,"href":"https:\/\/www.crettahotel.com.br\/site\/index.php?rest_route=\/wp\/v2\/pages\/38\/revisions\/1733"}],"wp:featuredmedia":[{"embeddable":true,"href":"https:\/\/www.crettahotel.com.br\/site\/index.php?rest_route=\/wp\/v2\/media\/1258"}],"wp:attachment":[{"href":"https:\/\/www.crettahotel.com.br\/site\/index.php?rest_route=%2Fwp%2Fv2%2Fmedia&parent=38"}],"curies":[{"name":"wp","href":"https:\/\/api.w.org\/{rel}","templated":true}]}}